{"id":2003,"date":"2025-03-31T15:02:38","date_gmt":"2025-03-31T13:02:38","guid":{"rendered":"https:\/\/sleepless-sheep.com\/?page_id=2003"},"modified":"2026-04-14T20:46:14","modified_gmt":"2026-04-14T18:46:14","slug":"live","status":"publish","type":"page","link":"https:\/\/sleepless-sheep.com\/?page_id=2003","title":{"rendered":"LESUNGEN, REFERATE"},"content":{"rendered":"\n<p><strong>Lesungen, Referate und Workshops \u2013 f\u00fcr Veranstalterinnen und Veranstalter, die ein Programm suchen, das ber\u00fchrt, nachhallt und zum Gespr\u00e4ch einl\u00e4dt.<\/strong><\/p>\n\n\n\n<p><strong>Anfragen und Buchungen:&nbsp;<a href=\"mailto:buechel@sleepless-sheep.com\">buechel@sleepless-sheep.com<\/a><\/strong><\/p>\n\n\n\n<hr class=\"wp-block-separator has-alpha-channel-opacity\"\/>\n\n\n\n<p><strong>LESUNGEN \u2013 \u00abWIE LANGE IST NIE MEHR\u00bb<\/strong>&nbsp;Tiefgr\u00fcndig, ber\u00fchrend \u2013 und \u00fcberraschend leicht. In den Lesungen aus meinem Memoir lese und spreche ich \u00fcber schwer Sagbares \u2013 klar, poetisch und menschlich nah. Und lasse dabei auch Leichtigkeit zu. Denn zwischen all der Schwere blitzt immer wieder W\u00e4rme auf, entstehen Momente, die zum L\u00e4cheln bringen. Es sind Worte, die verbinden.<\/p>\n\n\n\n<p><strong>REFERATE \u2013 \u00abWIR SIND ENDLICH. UND JETZT?\u00bb<\/strong>&nbsp;Inspirierende, fundierte und nahbare Impulsreferate zu Sprache, Abschied und W\u00fcrde am Lebensende. Eine Einladung, sich mit der eigenen Endlichkeit auseinanderzusetzen \u2013 ohne Pathos, aber mit Haltung. F\u00fcr Fachpublikum wie f\u00fcr ein interessiertes Laienpublikum.<\/p>\n\n\n\n<p><strong>WORKSHOPS &amp; SEMINARE \u2013 \u00abSPRACHE AM LEBENSENDE BEWUSST GESTALTEN\u00bb<\/strong>&nbsp;Es fehlen oft die Worte, wenn es um Sterben, Tod und Trauer geht. In meinen Workshops lade ich ein, Sprache am Lebensende als Kraftquelle zu entdecken \u2013 als Br\u00fccke und Begleiterin in schweren Momenten. Mit Werkzeugen, Impulsen und Raum zum Ausprobieren.<\/p>\n\n\n\n<p><strong>IN DEN MEDIEN:<\/strong><\/p>\n\n\n\n<ul class=\"wp-block-list\">\n<li>SRF 1, <a href=\"https:\/\/www.srf.ch\/audio\/gast-am-mittag\/was-bleibt-wenn-wir-gehen?id=AUDI20250418_NR_0005\" data-type=\"link\" data-id=\"https:\/\/www.srf.ch\/audio\/gast-am-mittag\/was-bleibt-wenn-wir-gehen?id=AUDI20250418_NR_0005\">\u00abGast am Mittag\u00bb<\/a> (April 2025)<\/li>\n\n\n\n<li>SRF, <a href=\"https:\/\/www.srf.ch\/play\/tv\/gesichter--geschichten\/video\/zu-gast-im-gg-studio-autorin-doris-buechel?urn=urn:srf:video:880a51dd-d434-4f3e-9bb1-d8a080245566\" data-type=\"link\" data-id=\"https:\/\/www.srf.ch\/play\/tv\/gesichter--geschichten\/video\/zu-gast-im-gg-studio-autorin-doris-buechel?urn=urn:srf:video:880a51dd-d434-4f3e-9bb1-d8a080245566\">\u00abGesichter &amp; Geschichten\u00bb<\/a> (Februar 2025)<\/li>\n\n\n\n<li>Podcast <a href=\"https:\/\/open.spotify.com\/embed\/episode\/0y51Q0E8leHZy9OipKJg8H?utm_source=generator\" data-type=\"link\" data-id=\"https:\/\/open.spotify.com\/embed\/episode\/0y51Q0E8leHZy9OipKJg8H?utm_source=generator\">\u00abGespr\u00e4che am Lebensende\u00bb<\/a>, Evelyne Gutknecht<\/li>\n\n\n\n<li>Podcast <a href=\"https:\/\/open.spotify.com\/episode\/0OsmPVFXbDz00RVAYeftZo?si=8e10ad91db904b8f\" data-type=\"link\" data-id=\"https:\/\/open.spotify.com\/episode\/0OsmPVFXbDz00RVAYeftZo?si=8e10ad91db904b8f\">\u00abLiteratur rockt\u00bb<\/a>, Miriam Cahannes &amp; Thomas Hobi<\/li>\n\n\n\n<li>Podcast <a href=\"https:\/\/open.spotify.com\/episode\/45KQgoJMN9EXGUHCZngJIF?si=6e9a5e2542924c03\" data-type=\"link\" data-id=\"https:\/\/open.spotify.com\/episode\/45KQgoJMN9EXGUHCZngJIF?si=6e9a5e2542924c03\">\u00abMy last Goodbye\u00bb<\/a>, Franziska von Gr\u00fcnigen<\/li>\n\n\n\n<li>Podcast <a href=\"https:\/\/www.dasletztestuendchen.ch\/podcast\/episode\/70b016ba\/leben-erzahlen-48-mit-schriftstellerin-doris-buchel\" data-type=\"link\" data-id=\"https:\/\/www.dasletztestuendchen.ch\/podcast\/episode\/70b016ba\/leben-erzahlen-48-mit-schriftstellerin-doris-buchel\">\u00abDas letzte St\u00fcndchen\u00bb<\/a>, Elena Ibello<\/li>\n\n\n\n<li>Lesung Buchmesse Leipzig, M\u00e4rz 2025<\/li>\n\n\n\n<li><a href=\"https:\/\/tedxschaan.li\" data-type=\"link\" data-id=\"https:\/\/tedxschaan.li\">TEDx Schaan, April 2026<\/a><\/li>\n<\/ul>\n\n\n\n<figure class=\"wp-block-image size-large\"><a href=\"http:\/\/sleepless-sheep.com\/wp-content\/uploads\/2025\/03\/L1020832-Enhanced-NR-2.jpg\"><img loading=\"lazy\" decoding=\"async\" width=\"1024\" height=\"682\" src=\"http:\/\/sleepless-sheep.com\/wp-content\/uploads\/2025\/03\/L1020832-Enhanced-NR-2-1024x682.jpg\" alt=\"\" class=\"wp-image-2005\" srcset=\"https:\/\/sleepless-sheep.com\/wp-content\/uploads\/2025\/03\/L1020832-Enhanced-NR-2-1024x682.jpg 1024w, https:\/\/sleepless-sheep.com\/wp-content\/uploads\/2025\/03\/L1020832-Enhanced-NR-2-300x200.jpg 300w, https:\/\/sleepless-sheep.com\/wp-content\/uploads\/2025\/03\/L1020832-Enhanced-NR-2-768x511.jpg 768w\" sizes=\"auto, (max-width: 1024px) 100vw, 1024px\" \/><\/a><\/figure>\n\n\n\n<p><strong>BEVORSTEHENDE VERANSTALTUNGEN 2026:<\/strong><\/p>\n\n\n\n<p><strong><a href=\"https:\/\/eventfrog.ch\/de\/p\/theater-buehne\/lesungen\/doris-marco-buecher-tischgespraech-7415313629484986594.html\">Sonntag, 19. April 2026, 16 Uhr: TISCHGESPR\u00c4CHE im Knapp-Verlag, Olten<\/a><\/strong><br>Einfach den Link anklicken und Tickets buchen f\u00fcr die Tischgespr\u00e4che<\/p>\n\n\n\n<p><strong><a href=\"https:\/\/tedxschaan.li\">Donnerstag, 23. April 2026, TEDx Schaan im SAL, Schaa<\/a>n<\/strong><br>Einfach den Link anklicken und Tickets buchen.<\/p>\n\n\n\n<p><strong><a href=\"https:\/\/kath-widnau.ch\/neuigkeiten\/benefixanlass-zum-sinn-des-lebens\/\" data-type=\"link\" data-id=\"https:\/\/kath-widnau.ch\/neuigkeiten\/benefixanlass-zum-sinn-des-lebens\/\">Dienstag, 28. April 2026, Katholische Kirche Widnau<\/a><\/strong><br>Einfach den Link anklicken und das Datum reservieren. <\/p>\n\n\n\n<p><strong><a href=\"https:\/\/belorma.ch\">Donnerstag, 30. April 2026, Organisiert von \u00abDie Bestatterinnen\u00bb, Ort: Buttisholz<\/a><\/strong><br>Lesung und Austausch, Details folgen<\/p>\n\n\n\n<p><strong><a href=\"https:\/\/www.trimarca.ch\/gettogether\/doris-buchel\" data-type=\"link\" data-id=\"https:\/\/www.trimarca.ch\/gettogether\/doris-buchel\">Donnerstag, 18. Juni 2026, 07 bis 09 Uhr: fokus-zmorge \u00abTrimarca, St. Gallen<\/a><\/strong><br>Impulsreferat mit Zmorge f\u00fcr Fr\u00fchaufsteher:innen \ud83d\ude42<\/p>\n\n\n\n<p><strong>Dienstag, 23. Juni 2026, Lesung f\u00fcr Soroptimisten Liechtenstein<\/strong><br>(geschlossene Gesellschaft)<\/p>\n\n\n\n<p><strong>Donnerstag, 3. September 2026, Referat f\u00fcr Psychiatrie St. Gallen<\/strong><br>(geschlossene Gesellschaft)<\/p>\n\n\n\n<p><strong>Donnerstag, 10. September 2026, Lesung anl\u00e4sslich des Weltkongresses f\u00fcr Letzte Hilfe, organisiert durch die Hospizbewegung Liechtenstein<\/strong><br>SAVE THE DATE, Infos folgen<\/p>\n\n\n\n<p><strong>Freitag, 11. September 2026, Lesung am Frauezmorge in der reformierten Kirche Stallikon-Wettswil<\/strong><br>SAVE THE DATE, Infos folgen<\/p>\n\n\n\n<p><strong><a href=\"https:\/\/belorma.ch\">Mittwoch, 23. September 2026, Organisiert von \u00abDie Bestatterinnen\u00bb, Ort: Root<\/a><\/strong><br>Lesung und Austausch, Details folgen<\/p>\n\n\n\n<p><strong><a href=\"https:\/\/www.hospiz-sarganserland.ch\/veranstaltungen\/welthospiztag-im-alten-kino-mels\/\">Sonntag, 11. Oktober 2026, Lesung &amp; Podium f\u00fcr Hospizgruppe Sarganserland<\/a><\/strong><br>Lesung und Podium. <\/p>\n\n\n\n<p><strong>Freitag, 30. Oktoberfest 2026 um 19.30 Uhr in der Landesbibliothek Liechtenstein, Vaduz<\/strong><br>SAVE THE DATE, Infos folgen<\/p>\n\n\n\n<p><strong><a href=\"https:\/\/philosophe.ch\" data-type=\"link\" data-id=\"https:\/\/philosophe.ch\">Samstag, 28. November 2026, \u00abVerein Philosophe\u00bb, Dielsdorf<\/a><\/strong><br>Lesung und Austausch<\/p>\n\n\n\n<p>_____<\/p>\n\n\n\n<p><strong>ARCHIV:<\/strong><\/p>\n\n\n\n<p><a href=\"https:\/\/eventfrog.ch\/\/de\/p\/theater-buehne\/lesungen\/lesung-doris-buechel-wie-lange-ist-nie-mehr-7403675152687352858.html\">Donnerstag, 19. M\u00e4rz 2026, 20 Uhr, in der Galicia Bar, Olten<\/a><br>Einfach den Link anklicken und Tickets \u00fcber Eventfrog buchen.<\/p>\n\n\n\n<p><a href=\"https:\/\/www.bibliogais.ch\/home\">Freitag, 13. M\u00e4rz 2026, 19.30 Uhr in der Bibliothek Gais:<\/a><br>Lesung aus \u00abWie lange ist nie mehr\u00bb<\/p>\n\n\n\n<p><a href=\"https:\/\/bibliorii.ch\/lesung-mit-doris-buechel-25-februar-19-uhr\/\">Mittwoch, 25. Februar 2026, 19 Uhr in der Bibliothek Altst\u00e4tten (bibliorii):<\/a><br>Lesung aus \u00abWie lange ist nie mehr\u00bb<\/p>\n\n\n\n<p><a href=\"https:\/\/gasthaus-traube.ch\/de\/\">Montag, 23. Februar 2026, 19 Uhr im Gasthaus Traube in Buchs\/SG:<\/a><br>Der \u00abTruuba-Schw\u00e4tz\u00bb geht in aufgrund der hohen Nachfrage in die zweite Runde: Im Gespr\u00e4ch mit Christiani Wetter \u00fcber das Schreiben und die Kraft des Lebensr\u00fcckblicks, Anmelden direkt im Gasthaus.<\/p>\n\n\n\n<p><a href=\"https:\/\/schloss-werdenberg.ch\/veranstaltungen\">Donnerstag, 19. Februar 2026, \u00abLiteratur am Kachelofen\u00bbim Schloss Werdenberg:<\/a><br>Ein Gespr\u00e4ch mit der grossartigen Schauspielerin Sarah Spale (Betty Bossi) \u00fcber die Kraft der Literatur und die Kunst des Schauspiels.<\/p>\n\n\n\n<p><a href=\"https:\/\/ittinger-fachtagung.ch\">Samstag, 14. Februar 2026: Fachtagung Palliative Care &amp; Demenz in der Kartause Ittingen<\/a><br>Workshop \u00abDie Kraft des Lebensr\u00fcckblicks\u00bb \/ Anmeldeschluss am 21. Januar 2026<\/p>\n\n\n\n<p><a href=\"https:\/\/www.bibliothek-langnau-ie.ch\/aktuell\/lesung-doris-b\u00fcchel\/\">Donnerstag, 5. Februar 2026, 19.30 Uhr in Langnau im Emmental:<\/a> <br>In Kooperation mit <a href=\"https:\/\/www.bestattungen-roth.ch\">\u00abBestattungen Roth\u00bb<\/a>, <a href=\"https:\/\/palliativebern.ch\">\u00abPalliative Bern\u00bb<\/a> und der <a href=\"https:\/\/www.bibliothek-langnau-ie.ch\">\u00abRegionalbibliothek Langnau\u00bb<\/a>, wo der Leseabend stattfinden wird.<\/p>\n\n\n\n<p>Sonntag, 25. Januar 2026, 10.30 Uhr: Erz\u00e4hlcaf\u00e9 in der Buchhandlung OMNI, Eschen<br>SAVE THE DATE, Infos folgen<\/p>\n\n\n\n<p><a href=\"https:\/\/www.trimarca.ch\">Freitag, 4. Dezember, 07.30 bis 9 Uhr: Trimarca Strategie + Design, Chur<\/a><br>Fokus-Zmorga zum Thema \u00abendlich.lebendig.\u00bb, Anmelden direkt bei Trimarca<\/p>\n\n\n\n<p><a href=\"https:\/\/begleitung-kranker.ch\/einblicke-detail\/vbk-lesung-und-talk-mit-gaesten.html\">Samstag, 15. November, 13.30 Uhr: Verein \u00abbegleitung.kranker.ch\u00bb, Winterthur<\/a><br>Lesung mit anschliessendem Austausch<\/p>\n\n\n\n<p>Donnerstag, 13. November, 19 Uhr, Sch\u00fctzenwiese Kriessern (organisiert vom Unterst\u00fctzungsverein Kriessern): Lesung (Eintritt frei, Kollekte, kleiner Ap\u00e9ro im Anschluss)<\/p>\n\n\n\n<p><a href=\"https:\/\/www.gamprin.li\/leben-gemeinschaft\/veranstaltungen\/gesundes-fruehstueck-mit-vortrag\">Samstag, 8. November, 9 Uhr: Gesundes Fr\u00fchst\u00fcck im Gemeindesaal Gamprin (organisiert durch Gesundheitskommission Ruggell<\/a>): Lesung und Austausch, Anmeldung erforderlich.<\/p>\n\n\n\n<p><a href=\"https:\/\/www.pen-club.li\">Samstag, 8. November, Symposium des P.E.N.-Club Liechtenstein<\/a><br>Thema \u00abZuh\u00f6ren als Zumutung\u00bb@Stein Egerta, Schaan: 14 Uhr: Referat Doris B\u00fcchel<\/p>\n\n\n\n<p><a href=\"https:\/\/ink-appenzell.ch\">Donnerstag, 6. November 2025,19.30 Uhr: INK, Konzept- und Kulturraum, Appenzell<\/a><br>Lesung &amp; Talk mit Doris B\u00fcchel &amp; Raoul Pinter, Palliativmediziner<\/p>\n\n\n\n<p><a href=\"https:\/\/eventfrog.ch\/de\/p\/theater-buehne\/lesungen\/muesterli-abend-lebensgeschichten-7371545464510886485.html\">Freitag, 31. Oktober 2025, Buchfestival Olten<\/a><br>M\u00fcsterliabend mit Lesung aus \u00abWie lange ist nie mehr\u00bb<\/p>\n\n\n\n<p><a href=\"https:\/\/www.schule-kaltbrunn.ch\/angebote\/bibliothek\/aktuelles-projekte\">Donnerstag, 30. Oktober, 19.30 Uhr: Bibliothek Kaltbrunn, Schulweg 1, Kaltbrunn<\/a><br>Lesung \u00abWie lange ist nie mehr\u00bb<\/p>\n\n\n\n<p><a href=\"https:\/\/www.palliative-care-rotbachtal.ch\/WordPress\/wp-content\/uploads\/2025\/09\/20251023_Vernetzungsanlass_Wuerdezentrierte-Tp_Flyer.pdf\">Donnerstag, 23. Oktober, 18.30 Uhr: Forum Palliative Care Rotbachtal, B\u00fchler<\/a><br>Vernetzungsanlass \u00abw\u00fcrdezentrierte Therapie\u00bb: Impulsreferat Dr. Raoul Pinter, Lesung Doris B\u00fcchel<\/p>\n\n\n\n<p><a href=\"https:\/\/www.wartau.ch\/_docn\/5670163\/Kulturprogramm_2025.pdf\">Mittwoch, 22. Oktober, Lesung in Azmoos (Kulturkommission Wartau)<\/a><br>Lesung um 19.30 Uhr in der Aula Schulhaus \u00abFeld\u00bb, Azmoos<\/p>\n\n\n\n<p><a href=\"https:\/\/denkschpink.li\/denksch-a-di-denksch-pink-workshop-2\/\">Sonntag, 19. Oktober, 8.30 bis 13 Uhr in der Stein Egerta, Schaan <\/a><br>organisiert von Pink Ribbon Liechtenstein: Meditation, Yoga und Lesung<\/p>\n\n\n\n<p>Podcast \u00abGespr\u00e4che am Lebensende\u00bb mit Evelyne Gutknecht: <a href=\"https:\/\/open.spotify.com\/embed\/episode\/0y51Q0E8leHZy9OipKJg8H?utm_source=generator\">https:\/\/open.spotify.com\/embed\/episode\/0y51Q0E8leHZy9OipKJg8H?utm_source=generator<\/a><\/p>\n\n\n\n<p><a href=\"https:\/\/text-manufaktur.de\/kurse\/leselounge-september-2025\">Dienstag, 30. September von 19 bis 20 Uhr: Leselounge, Textmanufaktur<\/a><br>Online via Zoom, Talk mit Verlegerin Gabriella Baumann-von Arx und mir<\/p>\n\n\n\n<p><a href=\"https:\/\/www.literaturhaus.li\/?page=1#e417\">Sonntag, 28. September um 11 Uhr im Literaturhaus Liechtenstein<\/a><br>Wasserglas-Lesung \u00abWie lange ist nie mehr\u00bb, Moderation Hansj\u00f6rg Quaderer<\/p>\n\n\n\n<p>Mittwoch, 24. September, 19.30 Uhr: Gemeindebibliothek Kilchberg<br>Ersatz f\u00fcr Blanca Imboden, die leider krank ist.<\/p>\n\n\n\n<p><a href=\"https:\/\/www.stadt-zuerich.ch\/friedhofforum\/de\/veranstaltungen\/lesung--doris-buechel--wie-lange-ist-nie-mehr-.html\">Dienstag, 23. September Lesung und Talk im Friedhofforum Z\u00fcrich<\/a>: <br>Lesung \u00abWie lange ist nie mehr\u00bb, Moderation Monika Sch\u00e4rer<\/p>\n\n\n\n<p><a href=\"https:\/\/bibliothek-berneck.ch\/event\/lesung-doris-buechel-br-12-september-25-br-ab-19-00-uhr\/\">Freitag, 12. September, 19.00 Uhr, Lesung in der Bibliothek Berneck<\/a><br>Lesung \u00abWie lange ist nie mehr\u00bb \/ freier Eintritt, Kollekte<\/p>\n\n\n\n<p><a href=\"https:\/\/www.stadtaffoltern.ch\/anlaesseaktuelles\/6832816\">Donnerstag, 21. August, 19.30 Uhr. Veranstalterinnen: Regionalbibliothek Affoltern a. Albis und Seewadel \u2013&nbsp;Zentrum f\u00fcr Alter und Gesundheit.<\/a><br>Die Lesung samt Talk findet statt im: Seewadel \u2013 Zentrum f\u00fcr Alter und Gesundheit, Saal Bergkristall, Obere Seewadelstrasse 12, 8910 Affoltern am Albis<\/p>\n\n\n\n<p><a href=\"https:\/\/www.wisseneigenart.net\/#\/kontakt\">Donnerstag, 26. Juni um 19.30 Uhr, \u00abLiteratur im Leuen\u00bb@Leuen, Trogen<\/a>: <br>Lesung &amp; Talk WIE LANGE IST NIE MEHR<\/p>\n\n\n\n<p>Podcast \u00abLiteratur rockt\u00bb von Miriam Cahannes (Buchhaus L\u00fcthy, Chur) und Thomas Hobi (Radio drift.fm): <a href=\"https:\/\/open.spotify.com\/episode\/0OsmPVFXbDz00RVAYeftZo?si=8e10ad91db904b8f\">https:\/\/open.spotify.com\/episode\/0OsmPVFXbDz00RVAYeftZo?si=8e10ad91db904b8f<\/a><\/p>\n\n\n\n<p>Podcast \u00abMy last Goodbye\u00bb von Audiobiografin Franziska von Gr\u00fcnigen<br><a href=\"https:\/\/open.spotify.com\/episode\/45KQgoJMN9EXGUHCZngJIF?si=6e9a5e2542924c03\">https:\/\/open.spotify.com\/episode\/45KQgoJMN9EXGUHCZngJIF?si=6e9a5e2542924c03<\/a><\/p>\n\n\n\n<p><a href=\"https:\/\/www.exlibris.ch\/de\/ueber-uns\/veranstaltungen\/next-chapter\/\">Mittwoch, 21. Mai: Lesathlon Exlibris<\/a><br>Online-Lesung aus \u00abWie lange ist nie mehr\u00bb<\/p>\n\n\n\n<p><a href=\"https:\/\/buchbadragaz.ch\/agenda\/\">Donnerstag, 1. Mai um 19 Uhr im Buchladen Bad Ragaz<\/a>: <br>Lesung \u00abWie lange ist nie mehr\u00bb<\/p>\n\n\n\n<p><a href=\"https:\/\/www.srf.ch\/audio\/gast-am-mittag\/was-bleibt-wenn-wir-gehen?id=AUDI20250418_NR_0005\">Karfreitag, 18. April 2025: Zu Gast bei SRF 1 in der Radiosendung \u00abGast am Mittag\u00bb<\/a>:<br>Talk mit Sandra Schiess<\/p>\n\n\n\n<p><a href=\"https:\/\/bibliothek-buchs-sg.ch\/2025\/03\/17\/lesung-mit-doris-buechel\/\">Freitag, 25. April 2025 um 19 Uhr in der Bibliothek Buchs<\/a>:<br>Lesung \u00abWie lange ist nie mehr\u00bb<\/p>\n\n\n\n<p><a href=\"https:\/\/www.leipziger-buchmesse.de\/aussteller-produkte\/aussteller\/buchmesse\/kulturstiftung-liechtenstein\/429053\">29. M\u00e4rz 2025: Lesung an der Buchmesse Leipzig<\/a><br>F\u00fcr den PEN-Club Liechtenstein, Gast der Kulturstiftung Liechtenstein<\/p>\n\n\n\n<p><a href=\"https:\/\/www.srf.ch\/play\/tv\/gesichter--geschichten\/video\/zu-gast-im-gg-studio-autorin-doris-buechel?urn=urn:srf:video:880a51dd-d434-4f3e-9bb1-d8a080245566\">25. Februar 2025 bei SRF in der Fernsehsendung \u00abGesichter &amp; Geschichten.<\/a><\/p>\n\n\n\n<figure class=\"wp-block-gallery has-nested-images columns-default is-cropped wp-block-gallery-1 is-layout-flex wp-block-gallery-is-layout-flex\"><\/figure>\n\n\n\n<figure class=\"wp-block-gallery has-nested-images columns-default is-cropped wp-block-gallery-2 is-layout-flex wp-block-gallery-is-layout-flex\">\n<figure class=\"wp-block-image size-large\"><a href=\"https:\/\/sleepless-sheep.com\/wp-content\/uploads\/2025\/04\/TS_DorisBuechel2.jpeg\"><img loading=\"lazy\" decoding=\"async\" width=\"1024\" height=\"682\" data-id=\"2026\" src=\"https:\/\/sleepless-sheep.com\/wp-content\/uploads\/2025\/04\/TS_DorisBuechel2-1024x682.jpeg\" alt=\"\" class=\"wp-image-2026\" srcset=\"https:\/\/sleepless-sheep.com\/wp-content\/uploads\/2025\/04\/TS_DorisBuechel2-1024x682.jpeg 1024w, https:\/\/sleepless-sheep.com\/wp-content\/uploads\/2025\/04\/TS_DorisBuechel2-300x200.jpeg 300w, https:\/\/sleepless-sheep.com\/wp-content\/uploads\/2025\/04\/TS_DorisBuechel2-768x512.jpeg 768w, https:\/\/sleepless-sheep.com\/wp-content\/uploads\/2025\/04\/TS_DorisBuechel2-1536x1024.jpeg 1536w, https:\/\/sleepless-sheep.com\/wp-content\/uploads\/2025\/04\/TS_DorisBuechel2.jpeg 2000w\" sizes=\"auto, (max-width: 1024px) 100vw, 1024px\" \/><\/a><\/figure>\n\n\n\n<figure class=\"wp-block-image size-large\"><a href=\"https:\/\/sleepless-sheep.com\/wp-content\/uploads\/2025\/04\/TS_DorisBuechel3.jpeg\"><img loading=\"lazy\" decoding=\"async\" width=\"1024\" height=\"682\" data-id=\"2027\" src=\"https:\/\/sleepless-sheep.com\/wp-content\/uploads\/2025\/04\/TS_DorisBuechel3-1024x682.jpeg\" alt=\"\" class=\"wp-image-2027\" srcset=\"https:\/\/sleepless-sheep.com\/wp-content\/uploads\/2025\/04\/TS_DorisBuechel3-1024x682.jpeg 1024w, https:\/\/sleepless-sheep.com\/wp-content\/uploads\/2025\/04\/TS_DorisBuechel3-300x200.jpeg 300w, https:\/\/sleepless-sheep.com\/wp-content\/uploads\/2025\/04\/TS_DorisBuechel3-768x512.jpeg 768w, https:\/\/sleepless-sheep.com\/wp-content\/uploads\/2025\/04\/TS_DorisBuechel3-1536x1024.jpeg 1536w, https:\/\/sleepless-sheep.com\/wp-content\/uploads\/2025\/04\/TS_DorisBuechel3.jpeg 2000w\" sizes=\"auto, (max-width: 1024px) 100vw, 1024px\" \/><\/a><\/figure>\n\n\n\n<figure class=\"wp-block-image size-large\"><a href=\"https:\/\/sleepless-sheep.com\/wp-content\/uploads\/2025\/04\/TS_DorisBuechel4.jpeg\"><img loading=\"lazy\" decoding=\"async\" width=\"682\" height=\"1024\" data-id=\"2028\" src=\"https:\/\/sleepless-sheep.com\/wp-content\/uploads\/2025\/04\/TS_DorisBuechel4-682x1024.jpeg\" alt=\"\" class=\"wp-image-2028\" srcset=\"https:\/\/sleepless-sheep.com\/wp-content\/uploads\/2025\/04\/TS_DorisBuechel4-682x1024.jpeg 682w, https:\/\/sleepless-sheep.com\/wp-content\/uploads\/2025\/04\/TS_DorisBuechel4-200x300.jpeg 200w, https:\/\/sleepless-sheep.com\/wp-content\/uploads\/2025\/04\/TS_DorisBuechel4-768x1152.jpeg 768w, https:\/\/sleepless-sheep.com\/wp-content\/uploads\/2025\/04\/TS_DorisBuechel4-1024x1536.jpeg 1024w, https:\/\/sleepless-sheep.com\/wp-content\/uploads\/2025\/04\/TS_DorisBuechel4.jpeg 1333w\" sizes=\"auto, (max-width: 682px) 100vw, 682px\" \/><\/a><\/figure>\n<\/figure>\n","protected":false},"excerpt":{"rendered":"<p>Lesungen, Referate und Workshops \u2013 f\u00fcr Veranstalterinnen und Veranstalter, die ein Programm suchen, das ber\u00fchrt,&#8230;<\/p>\n<div class=\"more-link-wrapper\"><a class=\"more-link\" href=\"https:\/\/sleepless-sheep.com\/?page_id=2003\">Beitrag lesen<span class=\"screen-reader-text\">LESUNGEN, REFERATE<\/span><\/a><\/div>\n","protected":false},"author":1,"featured_media":0,"parent":0,"menu_order":3,"comment_status":"closed","ping_status":"closed","template":"","meta":{"footnotes":""},"class_list":["post-2003","page","type-page","status-publish","hentry","excerpt","zoom","full-without-featured","even","excerpt-0"],"_links":{"self":[{"href":"https:\/\/sleepless-sheep.com\/index.php?rest_route=\/wp\/v2\/pages\/2003","targetHints":{"allow":["GET"]}}],"collection":[{"href":"https:\/\/sleepless-sheep.com\/index.php?rest_route=\/wp\/v2\/pages"}],"about":[{"href":"https:\/\/sleepless-sheep.com\/index.php?rest_route=\/wp\/v2\/types\/page"}],"author":[{"embeddable":true,"href":"https:\/\/sleepless-sheep.com\/index.php?rest_route=\/wp\/v2\/users\/1"}],"replies":[{"embeddable":true,"href":"https:\/\/sleepless-sheep.com\/index.php?rest_route=%2Fwp%2Fv2%2Fcomments&post=2003"}],"version-history":[{"count":120,"href":"https:\/\/sleepless-sheep.com\/index.php?rest_route=\/wp\/v2\/pages\/2003\/revisions"}],"predecessor-version":[{"id":2380,"href":"https:\/\/sleepless-sheep.com\/index.php?rest_route=\/wp\/v2\/pages\/2003\/revisions\/2380"}],"wp:attachment":[{"href":"https:\/\/sleepless-sheep.com\/index.php?rest_route=%2Fwp%2Fv2%2Fmedia&parent=2003"}],"curies":[{"name":"wp","href":"https:\/\/api.w.org\/{rel}","templated":true}]}}